{"id":2797,"date":"2024-11-29T15:33:25","date_gmt":"2024-11-29T14:33:25","guid":{"rendered":"https:\/\/kusthotelletstyrso.se\/meetings-conference-event\/celebrations-memories-that-last\/"},"modified":"2025-12-02T16:17:14","modified_gmt":"2025-12-02T15:17:14","slug":"celebrations-memories-that-last","status":"publish","type":"page","link":"https:\/\/www.kusthotelletstyrso.se\/en\/meetings-conference-event\/celebrations-memories-that-last\/","title":{"rendered":"Celebrations \u2013 Memories that last"},"content":{"rendered":"<div id=\"\" data-block-id=\"6ed710da-b0dc-41e5-9442-672f6531d2ab\" data-section-title=\"\" class=\"haj-section haj-relative block-editor-block-list__block wp-block block-editor-block-list__block wp-block is-selected fest-hero wp-block-haj-section-block has-background-image has-black-background-color haj-height-70vh offset-menu haj-width-1280 offset-menu haj-flex-wrap haj-flex-middle has-transparent-header haj-height-expand haj-height-expand@m haj-height-expand@s has-background-image   \">\n            <img decoding=\"async\" src=\"https:\/\/kusthotelletstyrso.se\/wp-content\/uploads\/2025\/12\/Hero-Fest-Fira-minnen-som-varar.jpg\" alt=\"\" class=\"haj-background-image\" \/>\n   \n   \n\n<div class=\"wp-block-columns has-white-color has-text-color has-link-color wp-elements-d45327d025f72e0928bc87ee26646d8d is-layout-flex wp-container-core-columns-is-layout-28f84493 wp-block-columns-is-layout-flex\">\n<div class=\"wp-block-column is-layout-flow wp-block-column-is-layout-flow\">\n<div class=\"wp-block-buttons is-content-justification-center is-layout-flex wp-container-core-buttons-is-layout-a89b3969 wp-block-buttons-is-layout-flex\">\n<div class=\"wp-block-button\"><a class=\"wp-block-button__link wp-element-button\" href=\"#kontakt\">How to find us<\/a><\/div>\n<\/div>\n<\/div>\n<\/div>\n\n   <\/div><div id=\"\" data-block-id=\"262b1947-7215-4857-be60-1e2fb6c11097\" data-section-title=\"\" class=\"haj-section haj-relative block-editor-block-list__block wp-block block-editor-block-list__block wp-block offset-content-section wp-block-haj-section-block has-sand-background-color haj-height-auto offset-menu haj-width-1280 offset-menu haj-flex-wrap haj-flex-middle haj-height-expand haj-height-expand@m haj-height-expand@s    \">\n   \n   \n\n<div class=\"wp-block-columns are-vertically-aligned-center has-dansk-sand-color has-light-sand-background-color has-text-color has-background has-link-color wp-elements-f05a08743f7b95d6fc2d9fb5ed5df951 is-layout-flex wp-container-core-columns-is-layout-87f47271 wp-block-columns-is-layout-flex\" style=\"border-top-color:var(--wp--preset--color--nejlika);border-top-width:2px;border-right-color:var(--wp--preset--color--nejlika);border-right-width:2px;border-bottom-style:none;border-bottom-width:0px;border-left-color:var(--wp--preset--color--nejlika);border-left-width:2px;padding-top:var(--wp--preset--spacing--50);padding-bottom:var(--wp--preset--spacing--40)\">\n<div class=\"wp-block-column is-vertically-aligned-center is-layout-flow wp-block-column-is-layout-flow\">\n<div class=\"wp-block-group has-global-padding is-layout-constrained wp-container-core-group-is-layout-92ef7b19 wp-block-group-is-layout-constrained\"><h1 style=\"margin-bottom:var(--wp--preset--spacing--20);\" class=\"has-text-align-center wp-block-post-title has-medium-heading-font-size\">Celebrations \u2013 Memories that last<\/h1>\n\n\n<p class=\"has-text-align-center has-body-font-family has-small-font-size\">Celebrate life\u2019s big and little moments here at Kusthotellet! Whether it&#8217;s a smooth birthday party, a glittering corporate event or a romantic seaside wedding, we will help you create an experience that exceeds expectations. With everything from intimate to grand \u2013 for up to 102 guests \u2013 we\u2019ll make the arrangements according to your needs, so that you can just relax and enjoy the event. Let us take care of the details, so you can focus on celebrating, laughing and creating memories for life.<\/p>\n<\/div>\n<\/div>\n<\/div>\n\n\n\n<div class=\"wp-block-columns centered has-light-sand-background-color has-background is-layout-flex wp-container-core-columns-is-layout-4bacba78 wp-block-columns-is-layout-flex\" style=\"border-right-color:var(--wp--preset--color--nejlika);border-right-width:2px;border-left-color:var(--wp--preset--color--nejlika);border-left-width:2px;padding-top:60px\">\n<div class=\"wp-block-column column-left is-layout-flow wp-block-column-is-layout-flow\" style=\"border-right-color:var(--wp--preset--color--sand);border-right-width:1px;padding-right:20px;padding-left:0;flex-basis:50%\">\n<div class=\"wp-block-group flex-end is-nowrap is-layout-flex wp-container-core-group-is-layout-a4be8777 wp-block-group-is-layout-flex\">\n<div class=\"wp-block-group is-vertical is-layout-flex wp-container-core-group-is-layout-08f878cd wp-block-group-is-layout-flex\">\n<h2 class=\"wp-block-heading has-clash-grotesk-variable-font-family has-medium-font-size\" style=\"font-style:normal;font-weight:500\">Party package suggestions<\/h2>\n\n\n\n<p>When you choose to celebrate here at Kusthotellet we\u2019ll help you create a plan that\u2019s perfect just for you. Here\u2019s a suggestion for a party package:<\/p>\n\n\n\n<ul class=\"wp-block-list checklist\">\n<li><strong>Welcome drink &amp; canap\u00e9 <\/strong>\u2013 Start the evening with something nice and bubbly.<\/li>\n\n\n\n<li><strong>3 course dinner <\/strong>\u2013 Enjoy a delicious meal in our restaurant.<\/li>\n\n\n\n<li><strong>Drinks package <\/strong>\u2013 Match the food with carefully chosen wines or other drinks.<\/li>\n\n\n\n<li><strong>Mingle &amp; entertainment <\/strong>\u2013 Enhance the evening with live music, speeches, or a surprise event.<\/li>\n\n\n\n<li><strong>DJ &amp; dance<\/strong> \u2013 Let yourself go on the dance floor and create a magical evening full of energy.<\/li>\n\n\n\n<li><strong>Late night snack<\/strong> \u2013 Perfect for keeping the party going into the small hours.<\/li>\n\n\n\n<li><strong>Accommodation<\/strong> \u2013 End the evening with a good night\u2019s sleep in one of our comfortable hotel rooms.<\/li>\n\n\n\n<li><strong>Breakfast<\/strong> \u2013 Wake up to a generous breakfast buffet by the sea.<\/li>\n\n\n\n<li><strong>Havskuren Wellness access<\/strong>\u2013 Give guests an extra luxurious goodbye with time to relax in our wellness area.<\/li>\n<\/ul>\n<\/div>\n<\/div>\n\n\n\n<div class=\"wp-block-buttons is-content-justification-left is-layout-flex wp-container-core-buttons-is-layout-7073153a wp-block-buttons-is-layout-flex\" style=\"margin-top:var(--wp--preset--spacing--40);margin-bottom:var(--wp--preset--spacing--40)\">\n<div class=\"wp-block-button is-style-fill\"><a class=\"wp-block-button__link has-text-align-center wp-element-button\" href=\"#kontakt\">How to find us<\/a><\/div>\n<\/div>\n<\/div>\n\n\n\n<div class=\"wp-block-column is-layout-flow wp-block-column-is-layout-flow\" style=\"border-left-style:none;border-left-width:0px;padding-left:60px;flex-basis:37%\">\n<figure class=\"wp-block-gallery has-nested-images columns-default is-cropped wp-block-gallery-1 is-layout-flex wp-block-gallery-is-layout-flex\">\n<figure class=\"wp-block-image size-large\"><img decoding=\"async\" width=\"683\" height=\"1024\" data-id=\"1112\" src=\"https:\/\/kusthotelletstyrso.se\/wp-content\/uploads\/2024\/10\/KH-230620-61-1-683x1024.jpg\" alt=\"\" class=\"wp-image-1112\" style=\"aspect-ratio:1;object-fit:cover\" srcset=\"https:\/\/www.kusthotelletstyrso.se\/wp-content\/uploads\/2024\/10\/KH-230620-61-1-683x1024.jpg 683w, https:\/\/www.kusthotelletstyrso.se\/wp-content\/uploads\/2024\/10\/KH-230620-61-1-200x300.jpg 200w, https:\/\/www.kusthotelletstyrso.se\/wp-content\/uploads\/2024\/10\/KH-230620-61-1-768x1152.jpg 768w, https:\/\/www.kusthotelletstyrso.se\/wp-content\/uploads\/2024\/10\/KH-230620-61-1-1024x1536.jpg 1024w, https:\/\/www.kusthotelletstyrso.se\/wp-content\/uploads\/2024\/10\/KH-230620-61-1-1365x2048.jpg 1365w, https:\/\/www.kusthotelletstyrso.se\/wp-content\/uploads\/2024\/10\/KH-230620-61-1-scaled.jpg 934w\" sizes=\"(max-width: 683px) 100vw, 683px\" \/><\/figure>\n<\/figure>\n<\/div>\n<\/div>\n\n\n\n<div class=\"wp-block-columns column-reverse has-dansk-sand-color has-light-sand-background-color has-text-color has-background has-link-color wp-elements-b4c9356a16b11e2e441bbdb6a841cdf8 is-layout-flex wp-container-core-columns-is-layout-a3375488 wp-block-columns-is-layout-flex\" style=\"border-right-color:var(--wp--preset--color--nejlika);border-right-width:2px;border-bottom-style:none;border-bottom-width:0px;border-left-color:var(--wp--preset--color--nejlika);border-left-width:2px;padding-top:var(--wp--preset--spacing--50);padding-bottom:var(--wp--preset--spacing--50)\">\n<div class=\"wp-block-column is-vertically-aligned-top is-layout-flow wp-block-column-is-layout-flow\">\n<h2 class=\"wp-block-heading has-dansk-sand-color has-text-color has-link-color wp-elements-85d8e10de90cd9621360670c53ea6ed6\">Celebrate with us<\/h2>\n\n\n\n<p class=\"has-body-font-family\">We\u2019re here to make it easy for you to enjoy every moment. Whether you\u2019re planning a dinner for 78 people with a top table for 12, a larger arrangement seating 102, or something in between, we\u2019ll help you to create a solution that meets your requirements.<br\/><\/p>\n\n\n\n<p>We\u2019ll provide suggestions for how to make your celebration extra special \u2013 with everything from delicious menus and perfectly matched drinks to live music, decor and activities which reflect your vision. When you click on \u201c<em>see seating plans<\/em>\u201d above you\u2019ll find detailed plans of all the possibilities \u2013 from different seating arrangements which include top tables and stages, to the maximum number of guests for each arrangement. <br\/><br\/>Let us take charge of the practical aspects so that you and your guests can fully enjoy yourselves and create memories for life. Contact us today and we\u2019ll start to plan your dream celebration!<\/p>\n<\/div>\n\n\n\n<div class=\"wp-block-column is-vertically-aligned-top is-layout-flow wp-block-column-is-layout-flow\">\n<div class=\"wp-block-group has-global-padding is-layout-constrained wp-container-core-group-is-layout-088f2429 wp-block-group-is-layout-constrained\" style=\"margin-bottom:10px\"><\/div>\n\n\n\n<div class=\"wp-block-group is-nowrap is-layout-flex wp-container-core-group-is-layout-e088cbc5 wp-block-group-is-layout-flex\">\n<figure class=\"wp-block-image size-large\"><img decoding=\"async\" width=\"683\" height=\"1024\" src=\"https:\/\/kusthotelletstyrso.se\/wp-content\/uploads\/2025\/11\/Kusthotellet-Oppning-Web-Res-105-683x1024.jpg\" alt=\"\" class=\"wp-image-4233\" style=\"aspect-ratio:2\/3;object-fit:cover\" srcset=\"https:\/\/www.kusthotelletstyrso.se\/wp-content\/uploads\/2025\/11\/Kusthotellet-Oppning-Web-Res-105-683x1024.jpg 683w, https:\/\/www.kusthotelletstyrso.se\/wp-content\/uploads\/2025\/11\/Kusthotellet-Oppning-Web-Res-105-200x300.jpg 200w, https:\/\/www.kusthotelletstyrso.se\/wp-content\/uploads\/2025\/11\/Kusthotellet-Oppning-Web-Res-105-768x1151.jpg 768w, https:\/\/www.kusthotelletstyrso.se\/wp-content\/uploads\/2025\/11\/Kusthotellet-Oppning-Web-Res-105.jpg 934w\" sizes=\"(max-width: 683px) 100vw, 683px\" \/><\/figure>\n\n\n\n<figure class=\"wp-block-image size-large\"><img decoding=\"async\" width=\"682\" height=\"1024\" src=\"https:\/\/kusthotelletstyrso.se\/wp-content\/uploads\/2025\/11\/DSC00972-682x1024.jpg\" alt=\"\" class=\"wp-image-4229\" style=\"aspect-ratio:2\/3;object-fit:cover\" srcset=\"https:\/\/www.kusthotelletstyrso.se\/wp-content\/uploads\/2025\/11\/DSC00972-682x1024.jpg 682w, https:\/\/www.kusthotelletstyrso.se\/wp-content\/uploads\/2025\/11\/DSC00972-200x300.jpg 200w, https:\/\/www.kusthotelletstyrso.se\/wp-content\/uploads\/2025\/11\/DSC00972-768x1152.jpg 768w, https:\/\/www.kusthotelletstyrso.se\/wp-content\/uploads\/2025\/11\/DSC00972.jpg 933w\" sizes=\"(max-width: 682px) 100vw, 682px\" \/><\/figure>\n<\/div>\n<\/div>\n<\/div>\n\n\n\n<div class=\"wp-block-columns are-vertically-aligned-center column-reverse has-dansk-sand-color has-light-sand-background-color has-text-color has-background has-link-color wp-elements-bb4fa85096bc5c38b36b0f32b06b8975 is-layout-flex wp-container-core-columns-is-layout-392542cf wp-block-columns-is-layout-flex\" style=\"border-right-color:var(--wp--preset--color--nejlika);border-right-width:2px;border-bottom-style:none;border-bottom-width:0px;border-left-color:var(--wp--preset--color--nejlika);border-left-width:2px;padding-top:0;padding-bottom:0\">\n<div class=\"wp-block-column is-vertically-aligned-center is-layout-flow wp-block-column-is-layout-flow\" style=\"border-bottom-color:var(--wp--preset--color--sand);border-bottom-width:1px\"><\/div>\n<\/div>\n\n\n\n<div class=\"wp-block-columns has-dansk-sand-color has-light-sand-background-color has-text-color has-background has-link-color wp-elements-cabcbc7b6cf4cd664dae543b93de68e9 is-layout-flex wp-container-core-columns-is-layout-d2ea670e wp-block-columns-is-layout-flex\" id=\"kontakt\" style=\"border-right-color:var(--wp--preset--color--nejlika);border-right-width:2px;border-bottom-color:var(--wp--preset--color--nejlika);border-bottom-width:2px;border-left-color:var(--wp--preset--color--nejlika);border-left-width:2px;padding-top:var(--wp--preset--spacing--50);padding-bottom:var(--wp--preset--spacing--50)\">\n<div class=\"wp-block-column is-layout-flow wp-block-column-is-layout-flow\">\n<h2 class=\"wp-block-heading has-small-heading-font-size\">Curious? Get in touch with us! <\/h2>\n\n\n\n<p style=\"margin-bottom:var(--wp--preset--spacing--30)\">Contact us here with your party request and we will respond with a quote within 24 hours.<\/p>\n\n\n<div class=\"frm_forms  with_frm_style frm_style_kontaktformulars-stilmall-2-0\" id=\"frm_form_3_container\" >\n<form enctype=\"multipart\/form-data\" method=\"post\" class=\"frm-show-form  frm_pro_form \" id=\"form_eventmtesfrfrgan-form\" >\n<div class=\"frm_form_fields \">\n<fieldset>\n<legend class=\"frm_screen_reader\">Event m\u00f6tesf\u00f6rfr\u00e5gan<\/legend>\r\n\r\n<div class=\"frm_fields_container\">\n<input type=\"hidden\" name=\"frm_action\" value=\"create\" \/>\n<input type=\"hidden\" name=\"form_id\" value=\"3\" \/>\n<input type=\"hidden\" name=\"frm_hide_fields_3\" id=\"frm_hide_fields_3\" value=\"\" \/>\n<input type=\"hidden\" name=\"form_key\" value=\"eventmtesfrfrgan-form\" \/>\n<input type=\"hidden\" name=\"item_meta[0]\" value=\"\" \/>\n<input type=\"hidden\" id=\"frm_submit_entry_3\" name=\"frm_submit_entry_3\" value=\"5617e17ccb\" \/><input type=\"hidden\" name=\"_wp_http_referer\" value=\"\/en\/wp-json\/wp\/v2\/pages\/2797\" \/><div id=\"frm_field_11_container\" class=\"frm_form_field form-field  frm_required_field frm_top_container frm12 frm_first\">\r\n\t<label for=\"field_qh4icy2\" id=\"field_qh4icy2_label\" class=\"frm_primary_label\">First &amp; Last name\r\n\t\t<span class=\"frm_required\" aria-hidden=\"true\">*<\/span>\r\n\t<\/label>\r\n\t<input  type=\"text\" id=\"field_qh4icy2\" name=\"item_meta[11]\" value=\"\"  data-reqmsg=\"First &amp; Last name cannot be empty.\" aria-required=\"true\" data-invmsg=\"First &amp; Last name is invalid\" aria-invalid=\"false\"   \/>\r\n\t\r\n\t\r\n<\/div>\n<div id=\"frm_field_12_container\" class=\"frm_form_field form-field  frm_top_container\">\r\n\t<label for=\"field_ra7i4\" id=\"field_ra7i4_label\" class=\"frm_primary_label\">Business\r\n\t\t<span class=\"frm_required\" aria-hidden=\"true\"><\/span>\r\n\t<\/label>\r\n\t<input  type=\"text\" id=\"field_ra7i4\" name=\"item_meta[12]\" value=\"\"  data-invmsg=\"Business is invalid\" aria-invalid=\"false\"   \/>\r\n\t\r\n\t\r\n<\/div>\n<div id=\"frm_field_13_container\" class=\"frm_form_field form-field  frm_required_field frm_top_container frm6 frm_first\">\r\n\t<label for=\"field_29yf4d2\" id=\"field_29yf4d2_label\" class=\"frm_primary_label\">E-mail address\r\n\t\t<span class=\"frm_required\" aria-hidden=\"true\">*<\/span>\r\n\t<\/label>\r\n\t<input type=\"email\" id=\"field_29yf4d2\" name=\"item_meta[13]\" value=\"\"  data-reqmsg=\"E-mail address cannot be empty.\" aria-required=\"true\" data-invmsg=\"Please enter a valid email address\" aria-invalid=\"false\"  \/>\r\n\t\r\n\t\r\n<\/div>\n<div id=\"frm_field_14_container\" class=\"frm_form_field form-field  frm_top_container frm6\">\r\n\t<label for=\"field_6zmeh2\" id=\"field_6zmeh2_label\" class=\"frm_primary_label\">Phone number\r\n\t\t<span class=\"frm_required\" aria-hidden=\"true\"><\/span>\r\n\t<\/label>\r\n\t<input type=\"tel\" id=\"field_6zmeh2\" name=\"item_meta[14]\" value=\"\"  data-invmsg=\"Phone number is invalid\" aria-invalid=\"false\" pattern=\"((\\+\\d{1,3}(-|.| )?\\(?\\d\\)?(-| |.)?\\d{1,5})|(\\(?\\d{2,6}\\)?))(-|.| )?(\\d{3,4})(-|.| )?(\\d{4})(( x| ext)\\d{1,5}){0,1}$\"  \/>\r\n\t\r\n\t\r\n<\/div>\n<div id=\"frm_field_44_container\" class=\"frm_form_field form-field  frm_required_field frm_top_container\">\r\n\t<label for=\"field_8jj8\" id=\"field_8jj8_label\" class=\"frm_primary_label\">Message\r\n\t\t<span class=\"frm_required\" aria-hidden=\"true\">*<\/span>\r\n\t<\/label>\r\n\t<textarea name=\"item_meta[44]\" id=\"field_8jj8\" rows=\"5\"  data-reqmsg=\"Message cannot be empty.\" aria-required=\"true\" data-invmsg=\"Message is invalid\" aria-invalid=\"false\"  ><\/textarea>\r\n\t\r\n\t\r\n<\/div>\n<div id=\"frm_field_15_container\" class=\"frm_form_field form-field  frm_required_field frm_none_container frm12 frm_first vertical_radio\">\r\n\t<div  id=\"field_2dhg_label\" class=\"frm_primary_label\">Checkboxes\r\n\t\t<span class=\"frm_required\" aria-hidden=\"true\">*<\/span>\r\n\t<\/div>\r\n\t<div class=\"frm_opt_container\" aria-labelledby=\"field_2dhg_label\" role=\"group\">\t\t<div class=\"frm_checkbox\" id=\"frm_checkbox_15-0\">\t\t\t<label  for=\"field_2dhg-0\">\n\t\t\t<input type=\"checkbox\" name=\"item_meta[15][]\" id=\"field_2dhg-0\" value=\"Jag accepterar &lt;a href=&quot;\/integritetspolicy&quot;&gt;Villkoren&lt;\/a&gt;\"  data-reqmsg=\"Checkboxes cannot be empty.\" data-invmsg=\"Checkboxes is invalid\"   aria-required=\"true\"  \/> I accept the <a href=\"\/privacy-policy\">Terms &amp; Conditions<\/a>\t<\/label><\/div>\n<\/div>\r\n\t\r\n\t\r\n<\/div>\n<div id=\"frm_field_16_container\" class=\"frm_form_field form-field  frm_none_container frm12 frm_first\">\r\n\t<label for=\"g-recaptcha-response\" id=\"field_5t3862_label\" class=\"frm_primary_label\">Captcha\r\n\t\t<span class=\"frm_required\" aria-hidden=\"true\"><\/span>\r\n\t<\/label>\r\n\t<div  id=\"field_5t3862\" class=\"frm-g-recaptcha\" data-sitekey=\"6Le7wCIrAAAAAJNHAQAT2URcFjjZ0s82CP79SusS\" data-size=\"invisible\" data-theme=\"light\"><\/div>\r\n\t\r\n\t\r\n<\/div>\n<div id=\"frm_field_17_container\" class=\"frm_form_field form-field \">\r\n\t<div class=\"frm_submit frm_flex\">\r\n<button class=\"frm_button_submit frm_final_submit\" type=\"submit\"   formnovalidate=\"formnovalidate\">SEND MESSAGE<\/button>\r\n\r\n\r\n\r\n<\/div>\r\n<\/div>\n\t<input type=\"hidden\" name=\"item_key\" value=\"\" \/>\n\t\t\t<div id=\"frm_field_57_container\">\n\t\t\t<label for=\"field_rlo5q\" >\n\t\t\t\tIf you are human, leave this field blank.\t\t\t<\/label>\n\t\t\t<input  id=\"field_rlo5q\" type=\"text\" class=\"frm_form_field form-field frm_verify\" name=\"item_meta[57]\" value=\"\"  \/>\n\t\t<\/div>\n\t\t<input name=\"frm_state\" type=\"hidden\" value=\"vgNHJeoSxNnZvfZbegAwd8Rtv9GcLOAGNUcpM5wnaNmqVoQ8cWWUwxCoRyODAYx+\" \/><\/div>\n<\/fieldset>\n<\/div>\n\n<\/form>\n<\/div>\n<\/div>\n\n\n\n<div class=\"wp-block-column is-layout-flow wp-block-column-is-layout-flow\">\n<figure class=\"wp-block-image size-large\"><img decoding=\"async\" width=\"696\" height=\"1024\" src=\"https:\/\/kusthotelletstyrso.se\/wp-content\/uploads\/2025\/11\/DSC06408-3-696x1024.jpg\" alt=\"\" class=\"wp-image-4125\" style=\"aspect-ratio:3\/4;object-fit:cover\" srcset=\"https:\/\/www.kusthotelletstyrso.se\/wp-content\/uploads\/2025\/11\/DSC06408-3-696x1024.jpg 696w, https:\/\/www.kusthotelletstyrso.se\/wp-content\/uploads\/2025\/11\/DSC06408-3-204x300.jpg 204w, https:\/\/www.kusthotelletstyrso.se\/wp-content\/uploads\/2025\/11\/DSC06408-3-768x1131.jpg 768w, https:\/\/www.kusthotelletstyrso.se\/wp-content\/uploads\/2025\/11\/DSC06408-3.jpg 951w\" sizes=\"(max-width: 696px) 100vw, 696px\" \/><\/figure>\n<\/div>\n<\/div>\n\n   <\/div>","protected":false},"excerpt":{"rendered":"","protected":false},"author":2,"featured_media":4896,"parent":2791,"menu_order":0,"comment_status":"closed","ping_status":"closed","template":"","meta":{"_acf_changed":false,"footnotes":""},"class_list":["post-2797","page","type-page","status-publish","has-post-thumbnail","hentry"],"acf":[],"yoast_head":"<!-- This site is optimized with the Yoast SEO plugin v27.5 - https:\/\/yoast.com\/product\/yoast-seo-wordpress\/ -->\n<title>Celebrations \u2013 Memories that last - Kusthotellet Styrs\u00f6<\/title>\n<meta name=\"robots\" content=\"index, follow, max-snippet:-1, max-image-preview:large, max-video-preview:-1\" \/>\n<link rel=\"canonical\" href=\"https:\/\/www.kusthotelletstyrso.se\/en\/meetings-conference-event\/celebrations-memories-that-last\/\" \/>\n<meta property=\"og:locale\" content=\"en_US\" \/>\n<meta property=\"og:type\" content=\"article\" \/>\n<meta property=\"og:title\" content=\"Celebrations \u2013 Memories that last - Kusthotellet Styrs\u00f6\" \/>\n<meta property=\"og:url\" content=\"https:\/\/www.kusthotelletstyrso.se\/en\/meetings-conference-event\/celebrations-memories-that-last\/\" \/>\n<meta property=\"og:site_name\" content=\"Kusthotellet Styrs\u00f6\" \/>\n<meta property=\"article:publisher\" content=\"https:\/\/www.facebook.com\/people\/Kusthotellet-Styrs\/61559885955403\/\" \/>\n<meta property=\"article:modified_time\" content=\"2025-12-02T15:17:14+00:00\" \/>\n<meta property=\"og:image\" content=\"https:\/\/kusthotelletstyrso.se\/wp-content\/uploads\/2025\/12\/Hero-Fest-Fira-minnen-som-varar.jpg\" \/>\n\t<meta property=\"og:image:width\" content=\"2000\" \/>\n\t<meta property=\"og:image:height\" content=\"1333\" \/>\n\t<meta property=\"og:image:type\" content=\"image\/jpeg\" \/>\n<meta name=\"twitter:card\" content=\"summary_large_image\" \/>\n<meta name=\"twitter:label1\" content=\"Est. reading time\" \/>\n\t<meta name=\"twitter:data1\" content=\"2 minutes\" \/>\n<script type=\"application\/ld+json\" class=\"yoast-schema-graph\">{\"@context\":\"https:\\\/\\\/schema.org\",\"@graph\":[{\"@type\":\"WebPage\",\"@id\":\"https:\\\/\\\/www.kusthotelletstyrso.se\\\/en\\\/meetings-conference-event\\\/celebrations-memories-that-last\\\/\",\"url\":\"https:\\\/\\\/www.kusthotelletstyrso.se\\\/en\\\/meetings-conference-event\\\/celebrations-memories-that-last\\\/\",\"name\":\"Celebrations \u2013 Memories that last - Kusthotellet Styrs\u00f6\",\"isPartOf\":{\"@id\":\"http:\\\/\\\/www.kusthotelletstyrso.se\\\/en\\\/#website\"},\"primaryImageOfPage\":{\"@id\":\"https:\\\/\\\/www.kusthotelletstyrso.se\\\/en\\\/meetings-conference-event\\\/celebrations-memories-that-last\\\/#primaryimage\"},\"image\":{\"@id\":\"https:\\\/\\\/www.kusthotelletstyrso.se\\\/en\\\/meetings-conference-event\\\/celebrations-memories-that-last\\\/#primaryimage\"},\"thumbnailUrl\":\"https:\\\/\\\/www.kusthotelletstyrso.se\\\/wp-content\\\/uploads\\\/2025\\\/12\\\/Hero-Fest-Fira-minnen-som-varar.jpg\",\"datePublished\":\"2024-11-29T14:33:25+00:00\",\"dateModified\":\"2025-12-02T15:17:14+00:00\",\"breadcrumb\":{\"@id\":\"https:\\\/\\\/www.kusthotelletstyrso.se\\\/en\\\/meetings-conference-event\\\/celebrations-memories-that-last\\\/#breadcrumb\"},\"inLanguage\":\"en-US\",\"potentialAction\":[{\"@type\":\"ReadAction\",\"target\":[\"https:\\\/\\\/www.kusthotelletstyrso.se\\\/en\\\/meetings-conference-event\\\/celebrations-memories-that-last\\\/\"]}]},{\"@type\":\"ImageObject\",\"inLanguage\":\"en-US\",\"@id\":\"https:\\\/\\\/www.kusthotelletstyrso.se\\\/en\\\/meetings-conference-event\\\/celebrations-memories-that-last\\\/#primaryimage\",\"url\":\"https:\\\/\\\/www.kusthotelletstyrso.se\\\/wp-content\\\/uploads\\\/2025\\\/12\\\/Hero-Fest-Fira-minnen-som-varar.jpg\",\"contentUrl\":\"https:\\\/\\\/www.kusthotelletstyrso.se\\\/wp-content\\\/uploads\\\/2025\\\/12\\\/Hero-Fest-Fira-minnen-som-varar.jpg\",\"width\":2000,\"height\":1333},{\"@type\":\"BreadcrumbList\",\"@id\":\"https:\\\/\\\/www.kusthotelletstyrso.se\\\/en\\\/meetings-conference-event\\\/celebrations-memories-that-last\\\/#breadcrumb\",\"itemListElement\":[{\"@type\":\"ListItem\",\"position\":1,\"name\":\"Hem\",\"item\":\"https:\\\/\\\/kusthotelletstyrso.se\\\/en\\\/\"},{\"@type\":\"ListItem\",\"position\":2,\"name\":\"Meetings, conferences &amp; events\",\"item\":\"http:\\\/\\\/kusthotelletstyrso.se\\\/en\\\/meetings-conference-event\\\/\"},{\"@type\":\"ListItem\",\"position\":3,\"name\":\"Celebrations \u2013 Memories that last\"}]},{\"@type\":\"WebSite\",\"@id\":\"http:\\\/\\\/www.kusthotelletstyrso.se\\\/en\\\/#website\",\"url\":\"http:\\\/\\\/www.kusthotelletstyrso.se\\\/en\\\/\",\"name\":\"Kusthotellet Styrs\u00f6\",\"description\":\"\",\"publisher\":{\"@id\":\"http:\\\/\\\/www.kusthotelletstyrso.se\\\/en\\\/#organization\"},\"potentialAction\":[{\"@type\":\"SearchAction\",\"target\":{\"@type\":\"EntryPoint\",\"urlTemplate\":\"http:\\\/\\\/www.kusthotelletstyrso.se\\\/en\\\/?s={search_term_string}\"},\"query-input\":{\"@type\":\"PropertyValueSpecification\",\"valueRequired\":true,\"valueName\":\"search_term_string\"}}],\"inLanguage\":\"en-US\"},{\"@type\":\"Organization\",\"@id\":\"http:\\\/\\\/www.kusthotelletstyrso.se\\\/en\\\/#organization\",\"name\":\"Kusthotellet Styrs\u00f6\",\"url\":\"http:\\\/\\\/www.kusthotelletstyrso.se\\\/en\\\/\",\"logo\":{\"@type\":\"ImageObject\",\"inLanguage\":\"en-US\",\"@id\":\"http:\\\/\\\/www.kusthotelletstyrso.se\\\/en\\\/#\\\/schema\\\/logo\\\/image\\\/\",\"url\":\"https:\\\/\\\/kusthotelletstyrso.se\\\/wp-content\\\/uploads\\\/2024\\\/06\\\/favicon.svg\",\"contentUrl\":\"https:\\\/\\\/kusthotelletstyrso.se\\\/wp-content\\\/uploads\\\/2024\\\/06\\\/favicon.svg\",\"width\":1,\"height\":1,\"caption\":\"Kusthotellet Styrs\u00f6\"},\"image\":{\"@id\":\"http:\\\/\\\/www.kusthotelletstyrso.se\\\/en\\\/#\\\/schema\\\/logo\\\/image\\\/\"},\"sameAs\":[\"https:\\\/\\\/www.facebook.com\\\/people\\\/Kusthotellet-Styrs\\\/61559885955403\\\/\"]}]}<\/script>\n<!-- \/ Yoast SEO plugin. -->","yoast_head_json":{"title":"Celebrations \u2013 Memories that last - Kusthotellet Styrs\u00f6","robots":{"index":"index","follow":"follow","max-snippet":"max-snippet:-1","max-image-preview":"max-image-preview:large","max-video-preview":"max-video-preview:-1"},"canonical":"https:\/\/www.kusthotelletstyrso.se\/en\/meetings-conference-event\/celebrations-memories-that-last\/","og_locale":"en_US","og_type":"article","og_title":"Celebrations \u2013 Memories that last - Kusthotellet Styrs\u00f6","og_url":"https:\/\/www.kusthotelletstyrso.se\/en\/meetings-conference-event\/celebrations-memories-that-last\/","og_site_name":"Kusthotellet Styrs\u00f6","article_publisher":"https:\/\/www.facebook.com\/people\/Kusthotellet-Styrs\/61559885955403\/","article_modified_time":"2025-12-02T15:17:14+00:00","og_image":[{"width":2000,"height":1333,"url":"https:\/\/kusthotelletstyrso.se\/wp-content\/uploads\/2025\/12\/Hero-Fest-Fira-minnen-som-varar.jpg","type":"image\/jpeg"}],"twitter_card":"summary_large_image","twitter_misc":{"Est. reading time":"2 minutes"},"schema":{"@context":"https:\/\/schema.org","@graph":[{"@type":"WebPage","@id":"https:\/\/www.kusthotelletstyrso.se\/en\/meetings-conference-event\/celebrations-memories-that-last\/","url":"https:\/\/www.kusthotelletstyrso.se\/en\/meetings-conference-event\/celebrations-memories-that-last\/","name":"Celebrations \u2013 Memories that last - Kusthotellet Styrs\u00f6","isPartOf":{"@id":"http:\/\/www.kusthotelletstyrso.se\/en\/#website"},"primaryImageOfPage":{"@id":"https:\/\/www.kusthotelletstyrso.se\/en\/meetings-conference-event\/celebrations-memories-that-last\/#primaryimage"},"image":{"@id":"https:\/\/www.kusthotelletstyrso.se\/en\/meetings-conference-event\/celebrations-memories-that-last\/#primaryimage"},"thumbnailUrl":"https:\/\/www.kusthotelletstyrso.se\/wp-content\/uploads\/2025\/12\/Hero-Fest-Fira-minnen-som-varar.jpg","datePublished":"2024-11-29T14:33:25+00:00","dateModified":"2025-12-02T15:17:14+00:00","breadcrumb":{"@id":"https:\/\/www.kusthotelletstyrso.se\/en\/meetings-conference-event\/celebrations-memories-that-last\/#breadcrumb"},"inLanguage":"en-US","potentialAction":[{"@type":"ReadAction","target":["https:\/\/www.kusthotelletstyrso.se\/en\/meetings-conference-event\/celebrations-memories-that-last\/"]}]},{"@type":"ImageObject","inLanguage":"en-US","@id":"https:\/\/www.kusthotelletstyrso.se\/en\/meetings-conference-event\/celebrations-memories-that-last\/#primaryimage","url":"https:\/\/www.kusthotelletstyrso.se\/wp-content\/uploads\/2025\/12\/Hero-Fest-Fira-minnen-som-varar.jpg","contentUrl":"https:\/\/www.kusthotelletstyrso.se\/wp-content\/uploads\/2025\/12\/Hero-Fest-Fira-minnen-som-varar.jpg","width":2000,"height":1333},{"@type":"BreadcrumbList","@id":"https:\/\/www.kusthotelletstyrso.se\/en\/meetings-conference-event\/celebrations-memories-that-last\/#breadcrumb","itemListElement":[{"@type":"ListItem","position":1,"name":"Hem","item":"https:\/\/kusthotelletstyrso.se\/en\/"},{"@type":"ListItem","position":2,"name":"Meetings, conferences &amp; events","item":"http:\/\/kusthotelletstyrso.se\/en\/meetings-conference-event\/"},{"@type":"ListItem","position":3,"name":"Celebrations \u2013 Memories that last"}]},{"@type":"WebSite","@id":"http:\/\/www.kusthotelletstyrso.se\/en\/#website","url":"http:\/\/www.kusthotelletstyrso.se\/en\/","name":"Kusthotellet Styrs\u00f6","description":"","publisher":{"@id":"http:\/\/www.kusthotelletstyrso.se\/en\/#organization"},"potentialAction":[{"@type":"SearchAction","target":{"@type":"EntryPoint","urlTemplate":"http:\/\/www.kusthotelletstyrso.se\/en\/?s={search_term_string}"},"query-input":{"@type":"PropertyValueSpecification","valueRequired":true,"valueName":"search_term_string"}}],"inLanguage":"en-US"},{"@type":"Organization","@id":"http:\/\/www.kusthotelletstyrso.se\/en\/#organization","name":"Kusthotellet Styrs\u00f6","url":"http:\/\/www.kusthotelletstyrso.se\/en\/","logo":{"@type":"ImageObject","inLanguage":"en-US","@id":"http:\/\/www.kusthotelletstyrso.se\/en\/#\/schema\/logo\/image\/","url":"https:\/\/kusthotelletstyrso.se\/wp-content\/uploads\/2024\/06\/favicon.svg","contentUrl":"https:\/\/kusthotelletstyrso.se\/wp-content\/uploads\/2024\/06\/favicon.svg","width":1,"height":1,"caption":"Kusthotellet Styrs\u00f6"},"image":{"@id":"http:\/\/www.kusthotelletstyrso.se\/en\/#\/schema\/logo\/image\/"},"sameAs":["https:\/\/www.facebook.com\/people\/Kusthotellet-Styrs\/61559885955403\/"]}]}},"_links":{"self":[{"href":"https:\/\/www.kusthotelletstyrso.se\/en\/wp-json\/wp\/v2\/pages\/2797","targetHints":{"allow":["GET"]}}],"collection":[{"href":"https:\/\/www.kusthotelletstyrso.se\/en\/wp-json\/wp\/v2\/pages"}],"about":[{"href":"https:\/\/www.kusthotelletstyrso.se\/en\/wp-json\/wp\/v2\/types\/page"}],"author":[{"embeddable":true,"href":"https:\/\/www.kusthotelletstyrso.se\/en\/wp-json\/wp\/v2\/users\/2"}],"replies":[{"embeddable":true,"href":"https:\/\/www.kusthotelletstyrso.se\/en\/wp-json\/wp\/v2\/comments?post=2797"}],"version-history":[{"count":11,"href":"https:\/\/www.kusthotelletstyrso.se\/en\/wp-json\/wp\/v2\/pages\/2797\/revisions"}],"predecessor-version":[{"id":4360,"href":"https:\/\/www.kusthotelletstyrso.se\/en\/wp-json\/wp\/v2\/pages\/2797\/revisions\/4360"}],"up":[{"embeddable":true,"href":"https:\/\/www.kusthotelletstyrso.se\/en\/wp-json\/wp\/v2\/pages\/2791"}],"wp:featuredmedia":[{"embeddable":true,"href":"https:\/\/www.kusthotelletstyrso.se\/en\/wp-json\/wp\/v2\/media\/4896"}],"wp:attachment":[{"href":"https:\/\/www.kusthotelletstyrso.se\/en\/wp-json\/wp\/v2\/media?parent=2797"}],"curies":[{"name":"wp","href":"https:\/\/api.w.org\/{rel}","templated":true}]}}